{"id":2917,"date":"2019-10-24T09:56:55","date_gmt":"2019-10-24T15:56:55","guid":{"rendered":"https:\/\/codemar.net\/podcast\/?post_type=ect-service&#038;p=2917"},"modified":"2019-10-24T10:10:47","modified_gmt":"2019-10-24T16:10:47","slug":"el-sabado-de-maria","status":"publish","type":"ect-service","link":"https:\/\/codemar.net\/podcast\/service\/el-sabado-de-maria\/","title":{"rendered":"El S\u00e1bado de Mar\u00eda"},"content":{"rendered":"\n<p>Es un libro aparte dentro de nuestro programa. Se hizo expresamente para una emisora de Radio que pidi\u00f3 el S\u00e1bado de Mar\u00eda durante un a\u00f1o. Hemos preferido conservarlo independiente del volumen cuarto, correspondiente a Mar\u00eda en el Programa \u201cEvangelizando\u201d. Puede servir a quien quiera todo un a\u00f1o para Mar\u00eda durante el S\u00e1bado, independiente de los temas de \u201cEvangelizando\u201d.<\/p>\n\n\n\n<div class=\"wp-block-image\"><figure class=\"aligncenter is-resized\"><img data-recalc-dims=\"1\" decoding=\"async\" src=\"https:\/\/i0.wp.com\/codemar.net\/podcast\/wp-content\/uploads\/2019\/10\/11.Sabado-de-Maria.png?resize=225%2C198&#038;ssl=1\" alt=\"el-sabado-de-maria\" class=\"wp-image-2919\" width=\"225\" height=\"198\" srcset=\"https:\/\/i0.wp.com\/codemar.net\/podcast\/wp-content\/uploads\/2019\/10\/11.Sabado-de-Maria.png?resize=300%2C264&amp;ssl=1 300w, https:\/\/i0.wp.com\/codemar.net\/podcast\/wp-content\/uploads\/2019\/10\/11.Sabado-de-Maria.png?resize=768%2C676&amp;ssl=1 768w, https:\/\/i0.wp.com\/codemar.net\/podcast\/wp-content\/uploads\/2019\/10\/11.Sabado-de-Maria.png?w=1000&amp;ssl=1 1000w\" sizes=\"(max-width: 225px) 100vw, 225px\" \/><\/figure><\/div>\n\n\n\n<div class=\"wp-block-file aligncenter\"><a href=\"https:\/\/codemar.net\/podcast\/wp-content\/uploads\/2019\/10\/24.-El-Sa\u0301bado-de-Mari\u0301a.pdf\" class=\"wp-block-file__button\" download>Descargar PDF<\/a><\/div>\n","protected":false},"excerpt":{"rendered":"<p>Es un libro aparte dentro de nuestro programa. Se hizo expresamente para una emisora de Radio que pidi\u00f3 el S\u00e1bado de Mar\u00eda<span class=\"more-button\"><a href=\"https:\/\/codemar.net\/podcast\/service\/el-sabado-de-maria\/\" class=\"more-link\">Continuar lectura<span class=\"screen-reader-text\">El S\u00e1bado de Mar\u00eda<\/span><\/a><\/span><\/p>\n","protected":false},"author":1,"featured_media":2919,"comment_status":"closed","ping_status":"closed","template":"","ect-service-type":[],"ect-service-tag":[],"class_list":["post-2917","ect-service","type-ect-service","status-publish","has-post-thumbnail","hentry"],"jetpack_sharing_enabled":true,"_links":{"self":[{"href":"https:\/\/codemar.net\/podcast\/wp-json\/wp\/v2\/ect-service\/2917","targetHints":{"allow":["GET"]}}],"collection":[{"href":"https:\/\/codemar.net\/podcast\/wp-json\/wp\/v2\/ect-service"}],"about":[{"href":"https:\/\/codemar.net\/podcast\/wp-json\/wp\/v2\/types\/ect-service"}],"author":[{"embeddable":true,"href":"https:\/\/codemar.net\/podcast\/wp-json\/wp\/v2\/users\/1"}],"replies":[{"embeddable":true,"href":"https:\/\/codemar.net\/podcast\/wp-json\/wp\/v2\/comments?post=2917"}],"wp:featuredmedia":[{"embeddable":true,"href":"https:\/\/codemar.net\/podcast\/wp-json\/wp\/v2\/media\/2919"}],"wp:attachment":[{"href":"https:\/\/codemar.net\/podcast\/wp-json\/wp\/v2\/media?parent=2917"}],"wp:term":[{"taxonomy":"ect-service-type","embeddable":true,"href":"https:\/\/codemar.net\/podcast\/wp-json\/wp\/v2\/ect-service-type?post=2917"},{"taxonomy":"ect-service-tag","embeddable":true,"href":"https:\/\/codemar.net\/podcast\/wp-json\/wp\/v2\/ect-service-tag?post=2917"}],"curies":[{"name":"wp","href":"https:\/\/api.w.org\/{rel}","templated":true}]}}